{"id":51,"date":"2023-03-22T13:41:48","date_gmt":"2023-03-22T13:41:48","guid":{"rendered":"https:\/\/caro-oradea.ro\/?page_id=51"},"modified":"2023-05-29T14:31:46","modified_gmt":"2023-05-29T14:31:46","slug":"evenimente-private","status":"publish","type":"page","link":"https:\/\/caro-oradea.ro\/en\/evenimente-private\/","title":{"rendered":"Private events"},"content":{"rendered":"<div>nun\u021bi, botezuri, zile de na\u0219tere, petreceri.<\/div>\n<h2>Evenimente<\/h2>\n<div>Ai o petrecere \u00een plan \u0219i nu te-ai decis care e locul potrivit? <\/div>\n<div>\n<p>La CARO avem nu doar un spa\u021biu ideal pentru nun\u021bi, botezuri, zile de na\u0219tere sau petreceri, avem \u0219i exper\u021bi care s\u0103 te ajute \u00een fiecare pas al organiz\u0103rii evenimentului. Hotel Caro este alegerea perfect\u0103 pentru a transforma orice eveniment \u00eentr-o ocazie de neuitat. Bucur\u0103-te de ospitalitatea noastr\u0103 de top \u0219i de serviciile personalizate care vor face ca invita\u021bii t\u0103i s\u0103 se simt\u0103 cu adev\u0103rat pre\u021bui\u021bi. <\/p>\n<\/div>\n<ul>\n<li>\n<p>        <img decoding=\"async\" src=\"\/wp-content\/uploads\/2023\/05\/evenimente-01.jpg\" alt=\"\"><\/p>\n<\/li>\n<li>\n<p>        <img decoding=\"async\" src=\"\/wp-content\/uploads\/2023\/05\/evenimente-02.jpg\" alt=\"\"><\/p>\n<\/li>\n<\/ul>\n<p><img decoding=\"async\" src=\"\/wp-content\/uploads\/2023\/05\/evenimente-03.jpg\" alt=\"\"><\/p>\n<div>Sal\u0103 de evenimente<\/div>\n<h2>Hotel Caro Oradea<\/h2>\n<div>\n<p>Suntem gata s\u0103 v\u0103 oferim o solu\u021bie personalizat\u0103 pentru nevoile dumneavoastr\u0103, indiferent dac\u0103 dori\u021bi s\u0103 organiza\u021bi un eveniment mic \u0219i intim sau un eveniment mare \u0219i complex. Contacta\u021bi-ne ast\u0103zi pentru a rezerva sala noastr\u0103 de conferin\u021be \u0219i pentru a ne permite s\u0103 v\u0103 ajut\u0103m s\u0103 crea\u021bi un eveniment memorabil pentru dumneavoastr\u0103 \u0219i pentru invita\u021bii dvs.<\/p>\n<\/div>\n<p>\n    <a href=\"\/contact\">Contacteaz\u0103-ne<\/a>\n<\/p>\n<div>\n<p>47.0521,21.9281<\/p>\n<p><img decoding=\"async\" src=\"\/wp-content\/uploads\/accommodations-post-villa-lorenzo.jpg\" alt=\"\"><\/p>\n<h3>Hotel Caro <\/h3>\n<p><a href=\"\" >Oradea<\/a><\/p>\n<div><a href=\"\">Exclusive Architecture<\/a>, <a href=\"\">Villa<\/a><\/div>\n<p><a href=\"#\">More information<\/a><\/p>\n<\/div>\n<p><!--more--><br \/>\n<!-- {\"type\":\"layout\",\"children\":[{\"type\":\"section\",\"props\":{\"animation\":\"fade\",\"css\":\"@media (max-width: 959px){\\n    \\n    .el-section > div {\\n        min-height: 450px !important;\\n    }\\n\\n}\\n\\n@media (max-width: 639px){\\n    \\n    .el-section > div {\\n        min-height: 240px !important;\\n    }\\n\\n}\",\"header_transparent\":\"light\",\"image\":\"wp-content\\\/uploads\\\/2023\\\/04\\\/conferinte-02.jpg\",\"image_position\":\"center-center\",\"image_size\":\"cover\",\"image_width\":\"2560\",\"padding\":\"xlarge\",\"style\":\"default\",\"title_breakpoint\":\"xl\",\"title_position\":\"top-left\",\"title_rotation\":\"left\",\"vertical_align\":\"middle\",\"width\":\"\"},\"children\":[{\"type\":\"row\",\"children\":[{\"type\":\"column\",\"props\":{\"image_position\":\"center-center\",\"position_sticky_breakpoint\":\"m\",\"text_color\":\"light\",\"vertical_align\":\"middle\"},\"children\":[{\"type\":\"headline\",\"props\":{\"margin_remove_bottom\":true,\"text_align\":\"center\",\"title_element\":\"h1\",\"title_style\":\"heading-medium\"},\"source\":{\"query\":{\"name\":\"pages.singlePage\"},\"props\":{\"content\":{\"filters\":{\"search\":\"\"},\"name\":\"title\"}}}},{\"type\":\"text\",\"props\":{\"block_align\":\"center\",\"column_breakpoint\":\"m\",\"content\":\"nun\\u021bi, botezuri, zile de na\\u0219tere, petreceri.\",\"margin\":\"default\",\"margin_remove_top\":true,\"text_align\":\"center\",\"text_style\":\"lead\"}}]}]}],\"name\":\"Hero\"},{\"type\":\"section\",\"props\":{\"animation\":\"fade\",\"image_position\":\"center-center\",\"padding\":\"large\",\"padding_remove_bottom\":false,\"style\":\"default\",\"title_breakpoint\":\"xl\",\"title_position\":\"top-left\",\"title_rotation\":\"left\",\"vertical_align\":\"middle\",\"width\":\"large\"},\"children\":[{\"type\":\"row\",\"props\":{\"column_gap\":\"large\",\"layout\":\"1-3,2-3\"},\"children\":[{\"type\":\"column\",\"props\":{\"image_position\":\"center-center\",\"position_sticky_breakpoint\":\"m\",\"width_medium\":\"1-3\",\"width_xlarge\":\"1-4\"},\"children\":[{\"type\":\"headline\",\"props\":{\"content\":\"Evenimente\",\"title_element\":\"h2\"}}]},{\"type\":\"column\",\"props\":{\"image_position\":\"center-center\",\"position_sticky_breakpoint\":\"m\",\"width_medium\":\"2-3\",\"width_xlarge\":\"3-4\"},\"children\":[{\"type\":\"text\",\"props\":{\"column_breakpoint\":\"m\",\"content\":\"Ai o petrecere \\u00een plan \\u0219i nu te-ai decis care e locul potrivit? \",\"margin\":\"default\",\"maxwidth\":\"2xlarge\",\"maxwidth_breakpoint\":\"l\",\"text_style\":\"lead\"}},{\"type\":\"text\",\"props\":{\"column_breakpoint\":\"m\",\"content\":\"\n\n<p>La CARO avem nu doar un spa\\u021biu ideal pentru nun\\u021bi, botezuri, zile de na\\u0219tere sau petreceri, avem \\u0219i exper\\u021bi care s\\u0103 te ajute \\u00een fiecare pas al organiz\\u0103rii evenimentului. Hotel Caro este alegerea perfect\\u0103 pentru a transforma orice eveniment \\u00eentr-o ocazie de neuitat. Bucur\\u0103-te de ospitalitatea noastr\\u0103 de top \\u0219i de serviciile personalizate care vor face ca invita\\u021bii t\\u0103i s\\u0103 se simt\\u0103 cu adev\\u0103rat pre\\u021bui\\u021bi. <\\\/p>\",\"margin\":\"default\",\"maxwidth\":\"2xlarge\",\"maxwidth_breakpoint\":\"l\"}},{\"type\":\"list\",\"props\":{\"animation\":\"slide-bottom-small\",\"column\":\"1-3\",\"column_breakpoint\":\"m\",\"image_align\":\"left\",\"image_svg_color\":\"emphasis\",\"image_vertical_align\":true,\"list_element\":\"ul\",\"list_horizontal_separator\":\", \",\"list_type\":\"vertical\",\"margin\":\"medium\",\"maxwidth\":\"2xlarge\",\"maxwidth_breakpoint\":\"l\",\"show_image\":true,\"show_link\":true,\"status\":\"disabled\"},\"children\":[{\"type\":\"list_item\",\"props\":{\"content\":\"BBQ\",\"icon\":\"check\",\"icon_color\":\"primary\"}},{\"type\":\"list_item\",\"props\":{\"content\":\"Pool\",\"icon\":\"check\",\"icon_color\":\"primary\"}},{\"type\":\"list_item\",\"props\":{\"content\":\"Table with 6 Chairs\",\"icon\":\"check\",\"icon_color\":\"primary\"}},{\"type\":\"list_item\",\"props\":{\"content\":\"Free Parking\",\"icon\":\"check\",\"icon_color\":\"primary\"}},{\"type\":\"list_item\",\"props\":{\"content\":\"Accessible\",\"icon\":\"check\",\"icon_color\":\"primary\"}}]}]}]}],\"name\":\"About\"},{\"type\":\"section\",\"props\":{\"animation\":\"fade\",\"image_position\":\"center-center\",\"padding\":\"none\",\"padding_remove_bottom\":false,\"padding_remove_top\":false,\"style\":\"default\",\"title_breakpoint\":\"xl\",\"title_position\":\"top-left\",\"title_rotation\":\"left\",\"vertical_align\":\"middle\",\"width\":\"large\"},\"children\":[{\"type\":\"row\",\"children\":[{\"type\":\"column\",\"props\":{\"image_position\":\"center-center\",\"position_sticky_breakpoint\":\"m\"},\"children\":[{\"type\":\"grid\",\"props\":{\"animation\":\"none\",\"content_column_breakpoint\":\"m\",\"filter_align\":\"left\",\"filter_all\":true,\"filter_grid_breakpoint\":\"m\",\"filter_grid_width\":\"auto\",\"filter_position\":\"top\",\"filter_style\":\"tab\",\"grid_column_gap\":\"small\",\"grid_default\":\"1\",\"grid_medium\":\"\",\"grid_row_gap\":\"small\",\"grid_small\":\"2\",\"icon_width\":80,\"image_align\":\"top\",\"image_grid_breakpoint\":\"m\",\"image_grid_width\":\"1-2\",\"image_svg_color\":\"emphasis\",\"image_width\":\"700\",\"item_animation\":true,\"link_style\":\"default\",\"link_text\":\"Read more\",\"margin\":\"\",\"meta_align\":\"below-title\",\"meta_element\":\"div\",\"meta_style\":\"text-meta\",\"parallax_easing\":\"1\",\"show_content\":true,\"show_image\":true,\"show_link\":true,\"show_meta\":true,\"show_title\":true,\"title_align\":\"top\",\"title_element\":\"h3\",\"title_grid_breakpoint\":\"m\",\"title_grid_width\":\"1-2\",\"title_hover_style\":\"reset\"},\"children\":[{\"type\":\"grid_item\",\"props\":{\"image\":\"wp-content\\\/uploads\\\/2023\\\/05\\\/evenimente-01.jpg\"}},{\"type\":\"grid_item\",\"props\":{\"image\":\"wp-content\\\/uploads\\\/2023\\\/05\\\/evenimente-02.jpg\"}}]},{\"type\":\"image\",\"props\":{\"animation\":\"none\",\"class\":\"uk-grid-margin-small\",\"image\":\"wp-content\\\/uploads\\\/2023\\\/05\\\/evenimente-03.jpg\",\"image_svg_color\":\"emphasis\",\"image_width\":\"1400\",\"margin\":\"\"}}]}],\"props\":{\"margin\":\"large\"}}],\"name\":\"Garden\"},{\"type\":\"section\",\"props\":{\"animation\":\"fade\",\"image_position\":\"center-center\",\"padding\":\"large\",\"style\":\"default\",\"title_breakpoint\":\"xl\",\"title_position\":\"top-left\",\"title_rotation\":\"left\",\"vertical_align\":\"middle\",\"width\":\"default\"},\"children\":[{\"type\":\"row\",\"props\":{\"column_gap\":\"large\",\"layout\":\"1-3,2-3\"},\"children\":[{\"type\":\"column\",\"props\":{\"image_position\":\"center-center\",\"position_sticky_breakpoint\":\"m\",\"width_medium\":\"1-3\"},\"children\":[{\"type\":\"headline\",\"props\":{\"animation\":\"slide-top-small\",\"content\":\"Sal\\u0103 de evenimente\",\"margin\":\"small\",\"title_color\":\"primary\",\"title_element\":\"div\",\"title_style\":\"h6\"}},{\"type\":\"headline\",\"props\":{\"content\":\"Hotel Caro Oradea\",\"margin_remove_top\":true,\"title_element\":\"h2\"}}]},{\"type\":\"column\",\"props\":{\"image_position\":\"center-center\",\"position_sticky_breakpoint\":\"m\",\"width_medium\":\"2-3\"},\"children\":[{\"type\":\"text\",\"props\":{\"column_breakpoint\":\"m\",\"content\":\"\n\n<p>Suntem gata s\\u0103 v\\u0103 oferim o solu\\u021bie personalizat\\u0103 pentru nevoile dumneavoastr\\u0103, indiferent dac\\u0103 dori\\u021bi s\\u0103 organiza\\u021bi un eveniment mic \\u0219i intim sau un eveniment mare \\u0219i complex. Contacta\\u021bi-ne ast\\u0103zi pentru a rezerva sala noastr\\u0103 de conferin\\u021be \\u0219i pentru a ne permite s\\u0103 v\\u0103 ajut\\u0103m s\\u0103 crea\\u021bi un eveniment memorabil pentru dumneavoastr\\u0103 \\u0219i pentru invita\\u021bii dvs.<\\\/p>\",\"margin\":\"default\",\"maxwidth\":\"2xlarge\",\"maxwidth_breakpoint\":\"l\"}},{\"type\":\"button\",\"props\":{\"animation\":\"slide-bottom-small\",\"grid_column_gap\":\"small\",\"grid_row_gap\":\"small\",\"margin\":\"medium\"},\"children\":[{\"type\":\"button_item\",\"props\":{\"button_style\":\"primary\",\"content\":\"Contacteaz\\u0103-ne\",\"icon_align\":\"left\",\"link\":\"\\\/contact\",\"link_title\":\"Sal\\u0103 de evenimente Oradea\"}}]}]}]}],\"name\":\"Call to Action\"},{\"type\":\"section\",\"props\":{\"image_position\":\"center-center\",\"padding\":\"none\",\"padding_remove_bottom\":false,\"style\":\"default\",\"title_breakpoint\":\"xl\",\"title_position\":\"top-left\",\"title_rotation\":\"left\",\"vertical_align\":\"middle\",\"width\":\"\"},\"children\":[{\"type\":\"row\",\"children\":[{\"type\":\"column\",\"props\":{\"image_position\":\"center-center\",\"position_sticky_breakpoint\":\"m\"},\"children\":[{\"type\":\"map\",\"props\":{\"content_margin\":\"small\",\"content_style\":\"text-meta\",\"controls\":true,\"dragging\":true,\"height\":\"500\",\"image_height\":\"150\",\"image_svg_color\":\"emphasis\",\"image_width\":\"270\",\"link_size\":\"small\",\"link_style\":\"primary\",\"link_text\":\"More information\",\"margin\":\"default\",\"marker_icon\":\"wp-content\\\/uploads\\\/icon-map-marker-accommodation.svg\",\"max_zoom\":18,\"meta_align\":\"above-title\",\"meta_color\":\"primary\",\"meta_element\":\"div\",\"meta_style\":\"h6\",\"min_zoom\":0,\"poi\":false,\"popup_max_width\":\"300\",\"show_content\":true,\"show_image\":true,\"show_link\":true,\"show_meta\":true,\"show_title\":true,\"title_element\":\"h3\",\"title_hover_style\":\"reset\",\"title_margin\":\"remove\",\"title_style\":\"h5\",\"type\":\"roadmap\",\"zoom\":\"15\",\"zooming\":false},\"children\":[{\"type\":\"map_item\",\"props\":{\"content\":\"<a href=\\\"\\\">Exclusive Architecture<\\\/a>, <a href=\\\"\\\">Villa<\\\/a>\",\"image\":\"wp-content\\\/uploads\\\/accommodations-post-villa-lorenzo.jpg\",\"link\":\"#\",\"location\":\"47.0521,21.9281\",\"meta\":\"<a href=\\\"\\\" >Oradea<\\\/a>\",\"title\":\"Hotel Caro \"}}]}]}]}],\"name\":\"Map\"}],\"version\":\"4.0.1\",\"yooessentialsVersion\":\"2.0.2\"} --><\/p>\n","protected":false},"excerpt":{"rendered":"<p>nun\u021bi, botezuri, zile de na\u0219tere, petreceri. Evenimente Ai o petrecere \u00een plan \u0219i nu te-ai decis care e locul potrivit? La CARO avem nu doar un spa\u021biu ideal pentru nun\u021bi, botezuri, zile de na\u0219tere sau petreceri, avem \u0219i exper\u021bi care s\u0103 te ajute \u00een fiecare pas al organiz\u0103rii evenimentului. Hotel Caro este alegerea perfect\u0103 pentru [&hellip;]<\/p>\n","protected":false},"author":1,"featured_media":0,"parent":0,"menu_order":0,"comment_status":"closed","ping_status":"closed","template":"","meta":{"footnotes":""},"class_list":["post-51","page","type-page","status-publish","hentry"],"aioseo_notices":[],"_links":{"self":[{"href":"https:\/\/caro-oradea.ro\/en\/wp-json\/wp\/v2\/pages\/51","targetHints":{"allow":["GET"]}}],"collection":[{"href":"https:\/\/caro-oradea.ro\/en\/wp-json\/wp\/v2\/pages"}],"about":[{"href":"https:\/\/caro-oradea.ro\/en\/wp-json\/wp\/v2\/types\/page"}],"author":[{"embeddable":true,"href":"https:\/\/caro-oradea.ro\/en\/wp-json\/wp\/v2\/users\/1"}],"replies":[{"embeddable":true,"href":"https:\/\/caro-oradea.ro\/en\/wp-json\/wp\/v2\/comments?post=51"}],"version-history":[{"count":3,"href":"https:\/\/caro-oradea.ro\/en\/wp-json\/wp\/v2\/pages\/51\/revisions"}],"predecessor-version":[{"id":1062,"href":"https:\/\/caro-oradea.ro\/en\/wp-json\/wp\/v2\/pages\/51\/revisions\/1062"}],"wp:attachment":[{"href":"https:\/\/caro-oradea.ro\/en\/wp-json\/wp\/v2\/media?parent=51"}],"curies":[{"name":"wp","href":"https:\/\/api.w.org\/{rel}","templated":true}]}}